{"id":347,"date":"2022-02-20T21:52:22","date_gmt":"2022-02-20T21:52:22","guid":{"rendered":"https:\/\/vrarproject.eu\/?page_id=347"},"modified":"2022-10-20T12:48:43","modified_gmt":"2022-10-20T12:48:43","slug":"contacto","status":"publish","type":"page","link":"https:\/\/vrarproject.eu\/es\/contacto\/","title":{"rendered":"Contacto"},"content":{"rendered":"<p>[vc_row][vc_column][vc_column_text]<\/p>\r\n<h2><!-- \/wp:post-content -->\u00a0LaOficina Producciones Culturales<\/h2>\r\n<!-- wp:pagelayer\/pl_heading {\"text\":\"\\u003cp\\u003eLorem ipsum dolor sit amet, consectetur adipiscing elit\\u003c\/p\\u003e\",\"heading_state\":\"normal\",\"pagelayer-id\":\"hl09136\"} -->\r\n<p>&nbsp;<\/p>\r\n<p>La Asociaci\u00f3n LaO\ufb01cina Producciones Culturales nace en 2012 como punto de encuentro de intercambio audiovisual y promover un espacio estable de encuentro de materiales de re\ufb02exi\u00f3n de forma participativa y comunitaria. Surge de una necesidad de replantear la creaci\u00f3n cultural y el acceso a esta. Impulsado por un colectivo de profesionales del mundo audiovisual y educativo, egresados fuera de Almer\u00eda, y que volvieron a sus or\u00edgenes con la idea de llevar a cabo un proyecto para la ciudad y la provincia.\u00a0<\/p>\r\n<p>LaO\ufb01cina promueve la ciencia, la educaci\u00f3n, las artes y la tecnolog\u00eda desde la cultura libre y abierta; generando y manteniendo espacios colectivos, abiertos a la ciudad, acogiendo y promoviendo actividades de inter\u00e9s social, cultural, educativo, cient\u00ed\ufb01co y de promoci\u00f3n del voluntariado, la econom\u00eda social y local, la investigaci\u00f3n y facilitamos el acceso a la cultura y al conocimiento libres para las personas.<\/p>\r\n<p>[\/vc_column_text][\/vc_column][\/vc_row][vc_row][vc_column width=\u00bb1\/3&#8243;][vc_column_text]<\/p>\r\n<div align=\"left\"><a href=\"https:\/\/laoficinacultural.org\/\">https:\/\/laoficinacultural.org\/<\/a><\/div>\r\n<div align=\"left\">tel\u00e9fono:\u00a0 0034604 36 02 46<\/div>\r\n<div align=\"left\">correo-e: <a href=\"mailto:hola@laoficinacultural.org\">hola@laoficinacultural.org<\/a><\/div>\r\n<p>[\/vc_column_text][\/vc_column][vc_column width=\u00bb1\/3&#8243;][vc_column_text]<\/p>\r\n<div align=\"left\"><strong>Direcci\u00f3n:<\/strong><\/div>\r\n<div align=\"left\">La Casa del Cine, Camino Romero, 1,<\/div>\r\n<div align=\"left\">04009 Almer\u00eda, Espa\u00f1a<\/div>\r\n<p>[\/vc_column_text][\/vc_column][\/vc_row][vc_column width=\u00bb1\/3&#8243;][vc_column_text][\/vc_column_text][\/vc_column]<\/p>","protected":false},"excerpt":{"rendered":"[vc_row][vc_column][vc_column_text] \u00a0LaOficina Producciones Culturales &nbsp; La Asociaci\u00f3n LaO\ufb01cina Producciones Culturales nace en 2012 como punto de encuentro de intercambio audiovisual y promover un espacio estable de encuentro de materiales de re\ufb02exi\u00f3n de forma participativa y comunitaria. Surge de una necesidad&#8230;","protected":false},"author":1,"featured_media":0,"parent":0,"menu_order":0,"comment_status":"closed","ping_status":"closed","template":"","meta":{"footnotes":""},"class_list":["post-347","page","type-page","status-publish","hentry"],"_links":{"self":[{"href":"https:\/\/vrarproject.eu\/es\/wp-json\/wp\/v2\/pages\/347","targetHints":{"allow":["GET"]}}],"collection":[{"href":"https:\/\/vrarproject.eu\/es\/wp-json\/wp\/v2\/pages"}],"about":[{"href":"https:\/\/vrarproject.eu\/es\/wp-json\/wp\/v2\/types\/page"}],"author":[{"embeddable":true,"href":"https:\/\/vrarproject.eu\/es\/wp-json\/wp\/v2\/users\/1"}],"replies":[{"embeddable":true,"href":"https:\/\/vrarproject.eu\/es\/wp-json\/wp\/v2\/comments?post=347"}],"version-history":[{"count":3,"href":"https:\/\/vrarproject.eu\/es\/wp-json\/wp\/v2\/pages\/347\/revisions"}],"predecessor-version":[{"id":503,"href":"https:\/\/vrarproject.eu\/es\/wp-json\/wp\/v2\/pages\/347\/revisions\/503"}],"wp:attachment":[{"href":"https:\/\/vrarproject.eu\/es\/wp-json\/wp\/v2\/media?parent=347"}],"curies":[{"name":"wp","href":"https:\/\/api.w.org\/{rel}","templated":true}]}}